{"id":657,"date":"2019-01-03T15:08:10","date_gmt":"2019-01-03T13:08:10","guid":{"rendered":"https:\/\/turkis.dev.wikstrommedia.fi\/tiesitko\/"},"modified":"2020-03-16T09:35:05","modified_gmt":"2020-03-16T07:35:05","slug":"visste-du","status":"publish","type":"page","link":"https:\/\/turkiskasvattajat.fi\/sv\/visste-du\/","title":{"rendered":"Visste du?"},"content":{"rendered":"<div class=\"wpb-content-wrapper\"><p>[vc_section full_width=&#8221;stretch_row_content&#8221; full_height=&#8221;yes&#8221; content_placement=&#8221;bottom&#8221; css=&#8221;.vc_custom_1546520885389{background-image: url(https:\/\/turkiskasvattajat.fi\/wp-content\/uploads\/2019\/01\/header-visste-du.jpg?id=401) !important;}&#8221; el_class=&#8221;ooc-hero&#8221;][vc_row][vc_column][vc_column_text css_animation=&#8221;none&#8221; el_class=&#8221;ooc-header-textblock&#8221;]<\/p>\n<h1 style=\"text-align: center;\"><strong>Fakta talar f\u00f6r sig sj\u00e4lvt<\/strong><\/h1>\n<p>[\/vc_column_text][\/vc_column][\/vc_row][vc_row][vc_column][vc_raw_html]JTNDYSUyMGhyZWYlM0QlMjIlMjMlMjElMkZzY3JvbGwlMjIlMjBjbGFzcyUzRCUyMm9vYy1zY3JvbGwtaWNvbiUyMGFuY2hvci1saW5rJTIyJTNFJTNDJTJGYSUzRQ==[\/vc_raw_html][\/vc_column][\/vc_row][\/vc_section][vc_section css=&#8221;.vc_custom_1548797283274{padding-top: 80px !important;padding-bottom: 40px !important;}&#8221; el_id=&#8221;scroll&#8221;][vc_row][vc_column][vc_column_text el_class=&#8221;ooc-narrow-width&#8221;]<\/p>\n<h2 class=\"ooc-small-header black\">#100fakta<\/h2>\n<h2 class=\"ooc-divider\">Visste du detta om p\u00e4lsbranschen?<\/h2>\n<p>[\/vc_column_text][vc_column_text el_class=&#8221;ooc-narrow-width columnize&#8221;]Under sommaren 2018 intervjuade vi ett stort antal finl\u00e4ndare: kvinnor och m\u00e4n i olika \u00e5ldrar, med olika bakgrund och fr\u00e5n olika delar av landet. Vi m\u00e4rkte att kunskaperna om branschen och r\u00e4tt fakta \u00e4r d\u00e5liga. D\u00e4rf\u00f6r sammanst\u00e4llde vi fakta om branschen ur s\u00e5dana perspektiv som g\u00e4ller djurens v\u00e4lm\u00e5ende, uppf\u00f6dning, milj\u00f6 och olika produkter som anv\u00e4nds. Vi publicerar totalt 100 av dessa faktauppgifter under de tv\u00e5 kommande \u00e5ren.<\/p>\n<p>Vi hoppas att dessa fakta v\u00e4cker tankar hos dig och intresse att s\u00f6ka mer information. Vi ber\u00e4ttar g\u00e4rna mer, oavsett vad du har f\u00f6r tankar om v\u00e5rt arbete.<\/p>\n<p><strong>Du \u00e4r ocks\u00e5 v\u00e4lkommen att bes\u00f6ka en p\u00e4lsfarm!<\/strong><br \/>\nTa kontakt s\u00e5 kommer vi \u00f6verens om en tid: stkl.vantaa@fifur.fi[\/vc_column_text][\/vc_column][\/vc_row][\/vc_section][vc_section full_width=&#8221;stretch_row_content&#8221;][vc_row][vc_column][vc_column_text]\n\n\n<div class=\"ooc-facts-wrapper\">\n\n\t\n\t\n\t\t\n          <div class=\"ooc-facts-item\">\n            <div class=\"ooc-facts-item-content\">\n            \t<h3>#1<\/h3>\n            \t<p><strong>Visste du att p\u00e4lsbranschens r\u00f6tter ligger djupt i det finl\u00e4ndska samh\u00e4llet?<\/strong> Matti Waris fr\u00e5n Kexholm b\u00f6rjade 1916 f\u00f6rs\u00f6rja sin familj genom att f\u00f6da upp r\u00e4var, och han blev d\u00e4rmed den f\u00f6rsta r\u00e4vuppf\u00f6daren i Finland. Behovet av kvalitativa p\u00e4lsar var s\u00e5 stort att branschen b\u00f6rjade utvecklas.<\/p>\n\n            <\/div>\n            <div class=\"ooc-facts-image\" style=\"background-image: url(https:\/\/turkiskasvattajat.fi\/wp-content\/uploads\/2018\/11\/fakta-1.png)\"><img decoding=\"async\" src=\"https:\/\/turkiskasvattajat.fi\/wp-content\/uploads\/2018\/11\/fakta-1-300x36.png\" alt=\"Visste du att p\u00e4lsbranschens r\u00f6tter ligger djupt i det finl\u00e4ndska samh\u00e4llet? Matti Waris fr\u00e5n Kexholm b\u00f6rjade 1916 f\u00f6rs\u00f6rja sin familj genom att f\u00f6da upp r\u00e4var, och han blev d\u00e4rmed den f\u00f6rsta r\u00e4vuppf\u00f6daren i Finland. Behovet av kvalitativa p\u00e4lsar var s\"\/><\/div>\n          <\/div>\n\t\t\n          <div class=\"ooc-facts-item\">\n            <div class=\"ooc-facts-item-content\">\n            \t<h3>#2<\/h3>\n            \t<p><strong>Visste du att p\u00e4lsdjuren dagligen \u00e4ter en kost med balanserat n\u00e4ringsv\u00e4rde,<\/strong> som tillverkas av bland annat skr\u00e4pfisk som f\u00e5ngats i vattendragen? P\u00e5 detta s\u00e4tt f\u00f6rb\u00e4ttrar p\u00e4lsdjursuppf\u00f6dningen n\u00e4ringsbalansen i vattendrag som t.ex. \u00d6stersj\u00f6n.<\/p>\n\n            <\/div>\n            <div class=\"ooc-facts-image\" style=\"background-image: url(https:\/\/turkiskasvattajat.fi\/wp-content\/uploads\/2019\/01\/fosfor-1024x287.png)\"><img decoding=\"async\" src=\"https:\/\/turkiskasvattajat.fi\/wp-content\/uploads\/2019\/01\/fosfor-300x84.png\" alt=\"Visste du att p\u00e4lsdjuren dagligen \u00e4ter en kost med balanserat n\u00e4ringsv\u00e4rde, som tillverkas av bland annat skr\u00e4pfisk som f\u00e5ngats i vattendragen? P\u00e5 detta s\u00e4tt f\u00f6rb\u00e4ttrar p\u00e4lsdjursuppf\u00f6dningen n\u00e4ringsbalansen i vattendrag som t.ex. \u00d6stersj\u00f6n.\"\/><\/div>\n          <\/div>\n\t\t\n          <div class=\"ooc-facts-item\">\n            <div class=\"ooc-facts-item-content\">\n            \t<h3>#3<\/h3>\n            \t<p><strong>Visste du att m\u00e4ngden uppf\u00f6dda p\u00e4lsdjur i Finland har varit den samma eller rentav vuxit en del under de senaste 30 \u00e5ren?<\/strong> Samtidigt har antalet p\u00e4lsfarmer minskat med 70 %. Uppf\u00f6dningen har allts\u00e5 centraliserats och blivit mer yrkesm\u00e4ssig, vilket i sin tur har m\u00f6jliggjort m\u00e5nga saker, bl.a. en snabb utveckling av hur djuren sk\u00f6ts.<\/p>\n\n            <\/div>\n            <div class=\"ooc-facts-image\" style=\"background-image: url(https:\/\/turkiskasvattajat.fi\/wp-content\/uploads\/2018\/11\/fakta-3.png)\"><img decoding=\"async\" src=\"https:\/\/turkiskasvattajat.fi\/wp-content\/uploads\/2018\/11\/fakta-3-300x172.png\" alt=\"Visste du att m\u00e4ngden uppf\u00f6dda p\u00e4lsdjur i Finland har varit den samma eller rentav vuxit en del under de senaste 30 \u00e5ren? Samtidigt har antalet p\u00e4lsfarmer minskat med 70 %. Uppf\u00f6dningen har allts\u00e5 centraliserats och blivit mer yrkesm\u00e4ssig, vilket i sin\"\/><\/div>\n          <\/div>\n\t\t\n          <div class=\"ooc-facts-item\">\n            <div class=\"ooc-facts-item-content\">\n            \t<h3>#4<\/h3>\n            \t<p><strong>Visste du att alla p\u00e4lsdjur alltid har tillg\u00e5ng till vatten, antingen via bevattningssystem eller via vattenkoppar?<\/strong><\/p>\n\n            <\/div>\n            \n          <\/div>\n\t\t\n          <div class=\"ooc-facts-item\">\n            <div class=\"ooc-facts-item-content\">\n            \t<h3>#5<\/h3>\n            \t<p><strong>Visste du att alla delar av p\u00e4lsdjuret tas tillvara?<\/strong> Skinn och p\u00e4ls ers\u00e4tter konstgjorda material, djurens fett blir till biodiesel och de \u00f6vriga delarna av djuret kommer tillbaka till farmerna som foder f\u00f6r andra djur. En mindre k\u00e4nd nytta med p\u00e4lsdjursuppf\u00f6dningen \u00e4r den g\u00f6dsel som uppst\u00e5r, av alla produktionsdjurs g\u00f6dsel \u00e4r den som kommer fr\u00e5n p\u00e4lsdjur mest rik p\u00e5 kv\u00e4ve och fosfor. G\u00f6dseln anv\u00e4nds som v\u00e4xtunderlag d\u00e5 n\u00e4ringen r\u00e4cker under en hel vegetationsperiod. G\u00f6dseln kan ocks\u00e5 anv\u00e4ndas f\u00f6r att producera g\u00f6dningsmedel rikt p\u00e5 fosfor.<\/p>\n\n            <\/div>\n            <div class=\"ooc-facts-image\" style=\"background-image: url(https:\/\/turkiskasvattajat.fi\/wp-content\/uploads\/2019\/01\/all-atervinns.png)\"><img decoding=\"async\" src=\"https:\/\/turkiskasvattajat.fi\/wp-content\/uploads\/2019\/01\/all-atervinns-300x300.png\" alt=\"Visste du att alla delar av p\u00e4lsdjuret tas tillvara? Skinn och p\u00e4ls ers\u00e4tter konstgjorda material, djurens fett blir till biodiesel och de \u00f6vriga delarna av djuret kommer tillbaka till farmerna som foder f\u00f6r andra djur. En mindre k\u00e4nd nytta med p\u00e4lsdju\"\/><\/div>\n          <\/div>\n\t\t\n          <div class=\"ooc-facts-item\">\n            <div class=\"ooc-facts-item-content\">\n            \t<h3>#6<\/h3>\n            \t<p><strong>Visste du att p\u00e4lskragen p\u00e5 vinterjackans huva inte bara \u00e4r dekoration, utan ocks\u00e5 har ett praktiskt syfte?<\/strong> Kragen skapar ett varmare mikroklimat kring ansiktet och skyddar p\u00e5 s\u00e5 s\u00e4tt mot kyla och vind. Detta har m\u00e5nga urinv\u00e5nare i nordliga trakter, t.ex. inuiterna, utnyttjat n\u00e4r de kl\u00e4tt sig.<\/p>\n\n            <\/div>\n            <div class=\"ooc-facts-image\" style=\"background-image: url(https:\/\/turkiskasvattajat.fi\/wp-content\/uploads\/2019\/01\/palskragen.png)\"><img decoding=\"async\" src=\"https:\/\/turkiskasvattajat.fi\/wp-content\/uploads\/2019\/01\/palskragen-300x135.png\" alt=\"Visste du att p\u00e4lskragen p\u00e5 vinterjackans huva inte bara \u00e4r dekoration, utan ocks\u00e5 har ett praktiskt syfte? Kragen skapar ett varmare mikroklimat kring ansiktet och skyddar p\u00e5 s\u00e5 s\u00e4tt mot kyla och vind. Detta har m\u00e5nga urinv\u00e5nare i nordliga trakter, t.\"\/><\/div>\n          <\/div>\n\t\t\n          <div class=\"ooc-facts-item\">\n            <div class=\"ooc-facts-item-content\">\n            \t<h3>#7<\/h3>\n            \t<p><strong>Visste du att en p\u00e4ls \u00e4r n\u00e4stintill evig om den f\u00f6rvaras r\u00e4tt, men att den b\u00f6rjar f\u00f6rmultna redan inom 30 dagar vid r\u00e4tt f\u00f6rh\u00e5llanden?<\/strong> Detta inneb\u00e4r att p\u00e4lsen helt f\u00f6rmultnar i naturen utan att l\u00e4mna efter sig mikroplaster eller andra sp\u00e5r. P\u00e4lsen \u00e4r en del av naturliga kl\u00e4der.<\/p>\n\n            <\/div>\n            <div class=\"ooc-facts-image\" style=\"background-image: url(https:\/\/turkiskasvattajat.fi\/wp-content\/uploads\/2019\/01\/naturen.png)\"><img decoding=\"async\" src=\"https:\/\/turkiskasvattajat.fi\/wp-content\/uploads\/2019\/01\/naturen-300x135.png\" alt=\"Visste du att en p\u00e4ls \u00e4r n\u00e4stintill evig om den f\u00f6rvaras r\u00e4tt, men att den b\u00f6rjar f\u00f6rmultna redan inom 30 dagar vid r\u00e4tt f\u00f6rh\u00e5llanden? Detta inneb\u00e4r att p\u00e4lsen helt f\u00f6rmultnar i naturen utan att l\u00e4mna efter sig mikroplaster eller andra sp\u00e5r. P\u00e4lsen \u00e4r\"\/><\/div>\n          <\/div>\n\t\t\n\t\n\t\n\t\n  \n  <div class=\"ooc-facts-item read-more\">\n  \t<div class=\"ooc-facts-item-content\">\n      <a href=\"#\" class=\"ooc-button read-more\" data-nextpage=\"2\">Se fler fakta<\/a>\n    <\/div>\n  <\/div>\n  \n  <div class=\"ooc-facts-item last\">\n    <div class=\"ooc-facts-item-content\">\n      <h2 class=\"ooc-divider center\">Finns det n\u00e5got du skulle vilja h\u00f6ra mer om?<\/h2>\n    <p>Tipsa oss s\u00e5 tar vi reda p\u00e5 och ber\u00e4ttar!\n    \t<br \/>\n    \t<br \/>\n      <strong>stkl.vantaa@fifur.fi<\/strong>\n    <\/p>\n    <\/div>\n  <\/div>\n\n<\/div>[\/vc_column_text][\/vc_column][\/vc_row][\/vc_section][vc_section full_width=&#8221;stretch_row&#8221; css=&#8221;.vc_custom_1546428526281{background-color: #f4f4f4 !important;}&#8221;][vc_row][vc_column][vc_column_text]\n\n\n\n<div class=\"ooc-pages-slider-wrapper\">\n<div class=\"ooc-title-and-controls\">\n  <h2 class=\"title\">Bekanta dig med v\u00e5ra aktuella \u00e4mnen<\/h2>\n  <div class=\"ooc-pages-slider-controls\">\n    <button type=\"button\" class=\"slider-prev\"><\/button><button type=\"button\" class=\"slider-next\"><\/button>\n  <\/div>\n  <\/div>\n\t\n   <div class=\"ooc-pages-slider-slides\">\n\t\n\t\t\n          <a href=\"https:\/\/turkiskasvattajat.fi\/sv\/videoarkivet\/\" class=\"ooc-pages-slider-item\" style=\"background-image: url(https:\/\/turkiskasvattajat.fi\/wp-content\/uploads\/2019\/01\/header-videoarkiv-wpcf_400x225.jpg)\">\n            <img decoding=\"async\" src=\"https:\/\/turkiskasvattajat.fi\/wp-content\/uploads\/2019\/01\/header-videoarkiv-wpcf_400x225.jpg\" alt=\"Videoarkivet | P\u00e4lsn\u00e4ringen \u00e4r i goda h\u00e4nder \u00e4ven i framtiden\" class=\"ooc-hidden\" \/>\n            <div class=\"text\">\n              <h2><strong>P\u00e4lsn\u00e4ringen \u00e4r i goda h\u00e4nder<\/strong>\n                <br \/>\u00e4ven i framtiden<\/h2><\/div>\n          <\/a>\n\t\t\n          <a href=\"https:\/\/turkiskasvattajat.fi\/sv\/till-media\/\" class=\"ooc-pages-slider-item\" style=\"background-image: url(https:\/\/turkiskasvattajat.fi\/wp-content\/uploads\/2019\/01\/header-medialle-wpcf_400x225.jpg)\">\n            <img decoding=\"async\" src=\"https:\/\/turkiskasvattajat.fi\/wp-content\/uploads\/2019\/01\/header-medialle-wpcf_400x225.jpg\" alt=\"Till media | Mer \u00e4n tusen ord \" class=\"ooc-hidden\" \/>\n            <div class=\"text\">\n              <h2><strong>Mer \u00e4n tusen ord<\/strong>\n                <\/h2><\/div>\n          <\/a>\n\t\t\n          <a href=\"https:\/\/turkiskasvattajat.fi\/sv\/\" class=\"ooc-pages-slider-item\" style=\"background-image: url(https:\/\/turkiskasvattajat.fi\/wp-content\/uploads\/2018\/11\/headerbild-wpcf_400x225.jpg)\">\n            <img decoding=\"async\" src=\"https:\/\/turkiskasvattajat.fi\/wp-content\/uploads\/2018\/11\/headerbild-wpcf_400x225.jpg\" alt=\"Start | Fr\u00e5n generation till generation \u2013 s\u00e5som det alltid varit\" class=\"ooc-hidden\" \/>\n            <div class=\"text\">\n              <h2><strong>Fr\u00e5n generation till generation<\/strong>\n                <br \/>\u2013 s\u00e5som det alltid varit<\/h2><\/div>\n          <\/a>\n\t\t\n          <a href=\"https:\/\/turkiskasvattajat.fi\/sv\/palsen\/\" class=\"ooc-pages-slider-item\" style=\"background-image: url(https:\/\/turkiskasvattajat.fi\/wp-content\/uploads\/2018\/12\/palsen-header-wpcf_400x225.jpg)\">\n            <img decoding=\"async\" src=\"https:\/\/turkiskasvattajat.fi\/wp-content\/uploads\/2018\/12\/palsen-header-wpcf_400x225.jpg\" alt=\"P\u00e4lsen | En inhemsk p\u00e4ls \u00e4r ett p\u00e5litligt plagg \" class=\"ooc-hidden\" \/>\n            <div class=\"text\">\n              <h2><strong>En inhemsk p\u00e4ls \u00e4r ett p\u00e5litligt plagg<\/strong>\n                <\/h2><\/div>\n          <\/a>\n\t\t\n          <a href=\"https:\/\/turkiskasvattajat.fi\/sv\/naringen\/\" class=\"ooc-pages-slider-item\" style=\"background-image: url(https:\/\/turkiskasvattajat.fi\/wp-content\/uploads\/2019\/01\/181809_esk_0599-wpcf_400x267.jpg)\">\n            <img decoding=\"async\" src=\"https:\/\/turkiskasvattajat.fi\/wp-content\/uploads\/2019\/01\/181809_esk_0599-wpcf_400x267.jpg\" alt=\"N\u00e4ringen | Livskraft, livskvalitet och en bra vardag\" class=\"ooc-hidden\" \/>\n            <div class=\"text\">\n              <h2><strong>Livskraft, livskvalitet<\/strong>\n                <br \/>och en bra vardag<\/h2><\/div>\n          <\/a>\n\t\t\n          <a href=\"https:\/\/turkiskasvattajat.fi\/sv\/kontakt\/\" class=\"ooc-pages-slider-item\" style=\"background-image: url(https:\/\/turkiskasvattajat.fi\/wp-content\/uploads\/2019\/01\/header-kontakt-wpcf_400x225.png)\">\n            <img decoding=\"async\" src=\"https:\/\/turkiskasvattajat.fi\/wp-content\/uploads\/2019\/01\/header-kontakt-wpcf_400x225.png\" alt=\"Kontakt | Vi uppskattar att du h\u00f6r av dig \" class=\"ooc-hidden\" \/>\n            <div class=\"text\">\n              <h2><strong>Vi uppskattar att du h\u00f6r av dig<\/strong>\n                <\/h2><\/div>\n          <\/a>\n\t\t\n          <a href=\"https:\/\/turkiskasvattajat.fi\/sv\/fotoarkivet\/\" class=\"ooc-pages-slider-item\" style=\"background-image: url(https:\/\/turkiskasvattajat.fi\/wp-content\/uploads\/2019\/01\/header-videoarkiv-wpcf_400x225.jpg)\">\n            <img decoding=\"async\" src=\"https:\/\/turkiskasvattajat.fi\/wp-content\/uploads\/2019\/01\/header-videoarkiv-wpcf_400x225.jpg\" alt=\"Fotoarkivet | P\u00e4lsn\u00e4ringen \u00e4r i goda h\u00e4nder \u00e4ven i framtiden\" class=\"ooc-hidden\" \/>\n            <div class=\"text\">\n              <h2><strong>P\u00e4lsn\u00e4ringen \u00e4r i goda h\u00e4nder<\/strong>\n                <br \/>\u00e4ven i framtiden<\/h2><\/div>\n          <\/a>\n\t\t\n          <a href=\"https:\/\/turkiskasvattajat.fi\/sv\/foretagaren\/\" class=\"ooc-pages-slider-item\" style=\"background-image: url(https:\/\/turkiskasvattajat.fi\/wp-content\/uploads\/2018\/12\/header-foretagaren-wpcf_400x225.jpg)\">\n            <img decoding=\"async\" src=\"https:\/\/turkiskasvattajat.fi\/wp-content\/uploads\/2018\/12\/header-foretagaren-wpcf_400x225.jpg\" alt=\"F\u00f6retagaren | Del av en l\u00e5ng generationskedja \" class=\"ooc-hidden\" \/>\n            <div class=\"text\">\n              <h2><strong>Del av en l\u00e5ng generationskedja<\/strong>\n                <\/h2><\/div>\n          <\/a>\n\t\t\n          <a href=\"https:\/\/turkiskasvattajat.fi\/sv\/farmen\/\" class=\"ooc-pages-slider-item\" style=\"background-image: url(https:\/\/turkiskasvattajat.fi\/wp-content\/uploads\/2018\/12\/header-farmen-wpcf_400x225.jpg)\">\n            <img decoding=\"async\" src=\"https:\/\/turkiskasvattajat.fi\/wp-content\/uploads\/2018\/12\/header-farmen-wpcf_400x225.jpg\" alt=\"Farmen | P\u00e4lsdjurens v\u00e4lm\u00e5ende \u00e4r en hj\u00e4rtesak f\u00f6r oss\" class=\"ooc-hidden\" \/>\n            <div class=\"text\">\n              <h2><strong>P\u00e4lsdjurens v\u00e4lm\u00e5ende<\/strong>\n                <br \/>\u00e4r en hj\u00e4rtesak f\u00f6r oss<\/h2><\/div>\n          <\/a>\n\t\t\n          <a href=\"https:\/\/turkiskasvattajat.fi\/sv\/faq\/\" class=\"ooc-pages-slider-item\" style=\"background-image: url(https:\/\/turkiskasvattajat.fi\/wp-content\/uploads\/2019\/01\/faq-header-wpcf_400x225.png)\">\n            <img decoding=\"async\" src=\"https:\/\/turkiskasvattajat.fi\/wp-content\/uploads\/2019\/01\/faq-header-wpcf_400x225.png\" alt=\"FAQ | Fr\u00e5ga hellre - gissa inte. \" class=\"ooc-hidden\" \/>\n            <div class=\"text\">\n              <h2><strong>Fr\u00e5ga hellre - gissa inte.<\/strong>\n                <\/h2><\/div>\n          <\/a>\n\t\t\n          <a href=\"https:\/\/turkiskasvattajat.fi\/sv\/dataskyddsbeskrivning\/\" class=\"ooc-pages-slider-item\" style=\"background-image: url(https:\/\/turkiskasvattajat.fi\/wp-content\/uploads\/2019\/01\/header-kontakt-wpcf_400x225.png)\">\n            <img decoding=\"async\" src=\"https:\/\/turkiskasvattajat.fi\/wp-content\/uploads\/2019\/01\/header-kontakt-wpcf_400x225.png\" alt=\"Dataskyddsbeskrivning | Vi uppskattar att du h\u00f6r av dig \" class=\"ooc-hidden\" \/>\n            <div class=\"text\">\n              <h2><strong>Vi uppskattar att du h\u00f6r av dig<\/strong>\n                <\/h2><\/div>\n          <\/a>\n\t\t\n          <a href=\"https:\/\/turkiskasvattajat.fi\/sv\/aktuellt\/\" class=\"ooc-pages-slider-item\" style=\"background-image: url(https:\/\/turkiskasvattajat.fi\/wp-content\/uploads\/2019\/01\/header-ajankohtaista-wpcf_400x213.png)\">\n            <img decoding=\"async\" src=\"https:\/\/turkiskasvattajat.fi\/wp-content\/uploads\/2019\/01\/header-ajankohtaista-wpcf_400x213.png\" alt=\"Aktuellt | Senaste nytt inom p\u00e4lsbranschen \" class=\"ooc-hidden\" \/>\n            <div class=\"text\">\n              <h2><strong>Senaste nytt inom p\u00e4lsbranschen<\/strong>\n                <\/h2><\/div>\n          <\/a>\n\t\t\n\t\n  <\/div>\n\t\n                                              \n\t\n<\/div>\n\n[\/vc_column_text][\/vc_column][\/vc_row][\/vc_section]<\/p>\n<\/div>","protected":false},"excerpt":{"rendered":"<p>Fakta talar f\u00f6r sig sj\u00e4lvt #100fakta Visste du detta om p\u00e4lsbranschen? Under sommaren 2018 intervjuade vi ett stort antal finl\u00e4ndare: kvinnor och m\u00e4n i olika \u00e5ldrar, med olika bakgrund och fr\u00e5n olika delar av landet. Vi m\u00e4rkte att kunskaperna om branschen och r\u00e4tt fakta \u00e4r d\u00e5liga. D\u00e4rf\u00f6r sammanst\u00e4llde vi fakta om branschen ur s\u00e5dana perspektiv&hellip;<\/p>\n","protected":false},"author":2,"featured_media":0,"parent":0,"menu_order":0,"comment_status":"closed","ping_status":"closed","template":"","meta":{"footnotes":""},"class_list":["post-657","page","type-page","status-publish","hentry","description-off"],"_links":{"self":[{"href":"https:\/\/turkiskasvattajat.fi\/sv\/wp-json\/wp\/v2\/pages\/657","targetHints":{"allow":["GET"]}}],"collection":[{"href":"https:\/\/turkiskasvattajat.fi\/sv\/wp-json\/wp\/v2\/pages"}],"about":[{"href":"https:\/\/turkiskasvattajat.fi\/sv\/wp-json\/wp\/v2\/types\/page"}],"author":[{"embeddable":true,"href":"https:\/\/turkiskasvattajat.fi\/sv\/wp-json\/wp\/v2\/users\/2"}],"replies":[{"embeddable":true,"href":"https:\/\/turkiskasvattajat.fi\/sv\/wp-json\/wp\/v2\/comments?post=657"}],"version-history":[{"count":4,"href":"https:\/\/turkiskasvattajat.fi\/sv\/wp-json\/wp\/v2\/pages\/657\/revisions"}],"predecessor-version":[{"id":1600,"href":"https:\/\/turkiskasvattajat.fi\/sv\/wp-json\/wp\/v2\/pages\/657\/revisions\/1600"}],"wp:attachment":[{"href":"https:\/\/turkiskasvattajat.fi\/sv\/wp-json\/wp\/v2\/media?parent=657"}],"curies":[{"name":"wp","href":"https:\/\/api.w.org\/{rel}","templated":true}]}}